{"id":1942,"date":"2024-11-13T07:57:18","date_gmt":"2024-11-13T07:57:18","guid":{"rendered":"https:\/\/maiorescu.ro\/nou2015\/?page_id=1942"},"modified":"2024-11-13T07:57:18","modified_gmt":"2024-11-13T07:57:18","slug":"155-de-ani-de-la-infiintarea-gimnaziului","status":"publish","type":"page","link":"https:\/\/maiorescu.ro\/nou2015\/155-de-ani-de-la-infiintarea-gimnaziului\/","title":{"rendered":"155 de ani de la \u00eenfiin\u021barea gimnaziului"},"content":{"rendered":"\n<blockquote class=\"wp-block-quote is-layout-flow wp-block-quote-is-layout-flow\">\n<p>Cuv\u00e2ntul doamnei director prof. dr. Lucica Ababei cu ocazia \u00eemplinirii a 155 de ani de la \u00eenfiin\u021barea liceului, \u00een 4 noiembrie 2024:<\/p>\n\n\n\n<p>1869.<\/p>\n\n\n\n<p>Atunci s-a n\u0103scut locul acesta minunat.<br>\u00cen Gimnaziul deschis un an mai t\u00e2rziu, povestea a \u00eenceput timid. Cu 18 elevi \u0219i doi dasc\u0103li. Dar\u2026 au reu\u0219it! \u0218i unii \u0219i ceilal\u021bi au respectat cartea, \u00eenv\u0103\u021b\u0103tura \u0219i comunitatea. Iar povestea scolii acesteia a \u00eenfruntat intemperii, lipsuri \u0219i r\u0103zboaie. Si a mers mai departe!<\/p>\n\n\n\n<p>Ast\u0103zi, dasc\u0103lii, elevii si \u00eentreaga comunitate a ora\u0219ului nostru\u2026 sunt parte din aceasta poveste!<br>\u0218i avem datoria s\u0103 \u00eei oferim plus valoare! S\u0103 o facem cunoscut\u0103 \u00een \u021bara \u0219i oriunde \u00een lumea larg\u0103!<\/p>\n\n\n\n<p>Pentru ca educa\u021bia, cartea, truda, munca \u0219i respectul omului fa\u021b\u0103 de om\u2026 topesc prejudec\u0103\u021bile, deschid toate z\u0103voarele \u0219i ridica toate barierele vie\u021bii!<\/p>\n\n\n\n<p>Dup\u0103 155 de ani, ampla poveste a scolii noastre este plin\u0103 cu\u2026 o sumedenie de povesti de succes! Absolven\u021bii Colegiului Na\u021bional Ion Maiorescu, din Giurgiu, lucreaz\u0103 ast\u0103zi ca medici, ca ingineri, ca farmaci\u0219ti, ca dasc\u0103li. Sunt antreprenori, sunt buni meseria\u0219i, sunt oameni valoro\u0219i \u0219i respecta\u021bi!<br>Eu sunt m\u00e2ndra de ei! Si le mul\u021bumesc tuturor!<br>Efortul lor, educa\u021bia lor, ambi\u021bia lor, valoarea lor \u0219i succesul lor\u2026 \u00eembog\u0103\u021besc povestea scolii noastre \u0219i \u00eentreaga noastr\u0103 comunitate, deopotriv\u0103!<\/p>\n\n\n\n<p>Doamnelor, domni\u0219oarelor \u0219i domnilor, stima\u021bi dascali, dragi elevi, onora\u021bi invitati, am o rug\u0103minte: haide\u021bi s\u0103 avem grij\u0103 de educa\u021bia \u0219i de cultura jude\u021bului Giurgiu!<\/p>\n\n\n\n<p>Giurgiu are nevoie de noi, a\u0219a cum noi avem nevoie de Giurgiu!<\/p>\n\n\n\n<p>Va \u00eembr\u0103\u021bi\u0219ez, cu drag, \u0219i va mul\u021bumesc!<\/p>\n\n\n\n<p>prof. dr. Lucica Ababei<\/p>\n\n\n\n<p>4 noiembrie 2024<\/p>\n<\/blockquote>\n","protected":false},"excerpt":{"rendered":"<p>Cuv\u00e2ntul doamnei director prof. dr. Lucica Ababei cu ocazia \u00eemplinirii a 155 de ani de la \u00eenfiin\u021barea liceului, \u00een 4 noiembrie 2024: 1869. Atunci s-a n\u0103scut locul acesta minunat.\u00cen Gimnaziul deschis un an mai t\u00e2rziu, povestea a \u00eenceput timid. Cu &hellip; <a href=\"https:\/\/maiorescu.ro\/nou2015\/155-de-ani-de-la-infiintarea-gimnaziului\/\">Continu\u0103 s\u0103 cite\u0219ti <span class=\"meta-nav\">&rarr;<\/span><\/a><\/p>\n","protected":false},"author":1,"featured_media":0,"parent":0,"menu_order":0,"comment_status":"closed","ping_status":"closed","template":"","meta":{"footnotes":""},"class_list":["post-1942","page","type-page","status-publish","hentry"],"_links":{"self":[{"href":"https:\/\/maiorescu.ro\/nou2015\/wp-json\/wp\/v2\/pages\/1942","targetHints":{"allow":["GET"]}}],"collection":[{"href":"https:\/\/maiorescu.ro\/nou2015\/wp-json\/wp\/v2\/pages"}],"about":[{"href":"https:\/\/maiorescu.ro\/nou2015\/wp-json\/wp\/v2\/types\/page"}],"author":[{"embeddable":true,"href":"https:\/\/maiorescu.ro\/nou2015\/wp-json\/wp\/v2\/users\/1"}],"replies":[{"embeddable":true,"href":"https:\/\/maiorescu.ro\/nou2015\/wp-json\/wp\/v2\/comments?post=1942"}],"version-history":[{"count":1,"href":"https:\/\/maiorescu.ro\/nou2015\/wp-json\/wp\/v2\/pages\/1942\/revisions"}],"predecessor-version":[{"id":1945,"href":"https:\/\/maiorescu.ro\/nou2015\/wp-json\/wp\/v2\/pages\/1942\/revisions\/1945"}],"wp:attachment":[{"href":"https:\/\/maiorescu.ro\/nou2015\/wp-json\/wp\/v2\/media?parent=1942"}],"curies":[{"name":"wp","href":"https:\/\/api.w.org\/{rel}","templated":true}]}}