{"id":827,"date":"2018-10-09T11:45:43","date_gmt":"2018-10-09T11:45:43","guid":{"rendered":"http:\/\/maiorescu.ro\/nou2015\/?page_id=827"},"modified":"2021-08-04T08:45:32","modified_gmt":"2021-08-04T08:45:32","slug":"cnim-membru-colegii-centenare","status":"publish","type":"page","link":"https:\/\/maiorescu.ro\/nou2015\/cnim-membru-colegii-centenare\/","title":{"rendered":"CNIM Colegiu Centenar"},"content":{"rendered":"<p>Colegiul Na\u021bional \u201dIon Maiorescu\u201d este membru fondator al Alian\u021bei Colegiilor Centenare, care a \u00eemplinit anul acesta 10 ani de activitate. Date despre asocia\u021bie pute\u021bi citi pe pagina web <a href=\"http:\/\/www.liceecentenare.ro\">www.liceecentenare.ro<\/a>.<\/p>\n<p>Astfel CNIM, prin dl. prof. Cornea Petre, a participat la Ia\u0219i, \u00een perioada 5 -6 octombrie 2018 la proiectul \u201dColegii centenare la ceas aniversar\u201d. Activit\u0103\u021bile ce s-au desf\u0103\u0219urat la Colegiul Na\u021bional \u201dMihai Eminescu\u201d \u0219i sala \u201dVasile Pogor\u201d a prim\u0103riei Ia\u0219i, \u0219i-au propus s\u0103 prezinte comunit\u0103\u021bii \u0219colare rom\u00e2ne\u0219ti valorile \u0219i idealurile care au fost repere de performan\u021b\u0103 academic\u0103 \u0219i cultural\u0103, eviden\u021biind portrete ale personalit\u0103\u021bilor fiec\u0103rui colegiu.<\/p>\n<p>Cu aceast\u0103 ocazie s-a lansat volumul \u201dVia\u021ba \u0219colii \u00een vreme de r\u0103zboi \u0219i lupta pentru unitate na\u021bional\u0103. Istorie &#8211; Memorie &#8211; Rena\u0219tere\u201d. Printre paginile volumului se g\u0103se\u0219te lucrarea \u201dNicolae Cartojan, director al Gimnaziului Ion Maiorescu \u00een anii Primului R\u0103zboi Mondial\u201d, a doamnei prof. Floarea B\u0103lan.<\/p>\n<p>\u00cen data de 6 octombrie 2018, la Colegiul Na\u021bional \u201dMihai Eminescu\u201d Ia\u0219i a avut loc Adunarea general\u0103 Alian\u021bei Colegiilor Centenare, organiza\u021bie aflat\u0103 sub \u00cenaltul Patronaj al Majest\u0103\u021bii Sale, Custodele Coroanei.<br \/>\n<img decoding=\"async\" src=\"https:\/\/maiorescu.ro\/nou2015\/wp-content\/uploads\/2021\/08\/dipl.jpeg\" width=\"70%\/\" height=\"70%\"><\/p>\n","protected":false},"excerpt":{"rendered":"<p>Colegiul Na\u021bional \u201dIon Maiorescu\u201d este membru fondator al Alian\u021bei Colegiilor Centenare, care a \u00eemplinit anul acesta 10 ani de activitate. Date despre asocia\u021bie pute\u021bi citi pe pagina web www.liceecentenare.ro. Astfel CNIM, prin dl. prof. Cornea Petre, a participat la Ia\u0219i, &hellip; <a href=\"https:\/\/maiorescu.ro\/nou2015\/cnim-membru-colegii-centenare\/\">Continu\u0103 s\u0103 cite\u0219ti <span class=\"meta-nav\">&rarr;<\/span><\/a><\/p>\n","protected":false},"author":1,"featured_media":0,"parent":0,"menu_order":0,"comment_status":"closed","ping_status":"closed","template":"","meta":{"footnotes":""},"class_list":["post-827","page","type-page","status-publish","hentry"],"_links":{"self":[{"href":"https:\/\/maiorescu.ro\/nou2015\/wp-json\/wp\/v2\/pages\/827","targetHints":{"allow":["GET"]}}],"collection":[{"href":"https:\/\/maiorescu.ro\/nou2015\/wp-json\/wp\/v2\/pages"}],"about":[{"href":"https:\/\/maiorescu.ro\/nou2015\/wp-json\/wp\/v2\/types\/page"}],"author":[{"embeddable":true,"href":"https:\/\/maiorescu.ro\/nou2015\/wp-json\/wp\/v2\/users\/1"}],"replies":[{"embeddable":true,"href":"https:\/\/maiorescu.ro\/nou2015\/wp-json\/wp\/v2\/comments?post=827"}],"version-history":[{"count":9,"href":"https:\/\/maiorescu.ro\/nou2015\/wp-json\/wp\/v2\/pages\/827\/revisions"}],"predecessor-version":[{"id":1520,"href":"https:\/\/maiorescu.ro\/nou2015\/wp-json\/wp\/v2\/pages\/827\/revisions\/1520"}],"wp:attachment":[{"href":"https:\/\/maiorescu.ro\/nou2015\/wp-json\/wp\/v2\/media?parent=827"}],"curies":[{"name":"wp","href":"https:\/\/api.w.org\/{rel}","templated":true}]}}